{"id":492,"date":"2024-01-02T10:51:53","date_gmt":"2024-01-02T09:51:53","guid":{"rendered":"https:\/\/ethik-et-co.alsace\/?page_id=492"},"modified":"2024-01-02T11:46:46","modified_gmt":"2024-01-02T10:46:46","slug":"rdv-presentiel","status":"publish","type":"page","link":"https:\/\/ethik-et-co.alsace\/?page_id=492","title":{"rendered":"RDV pr\u00e9sentiel"},"content":{"rendered":"\t\t<div data-elementor-type=\"wp-page\" data-elementor-id=\"492\" class=\"elementor elementor-492\" data-elementor-post-type=\"page\">\n\t\t\t\t<div class=\"elementor-element elementor-element-867d7fe e-flex e-con-boxed e-con e-parent\" data-id=\"867d7fe\" data-element_type=\"container\" data-e-type=\"container\">\n\t\t\t\t\t<div class=\"e-con-inner\">\n\t\t\t\t<div class=\"elementor-element elementor-element-61d80a9 elementor-widget elementor-widget-heading\" data-id=\"61d80a9\" data-element_type=\"widget\" data-e-type=\"widget\" data-widget_type=\"heading.default\">\n\t\t\t\t<div class=\"elementor-widget-container\">\n\t\t\t\t\t<h2 class=\"elementor-heading-title elementor-size-default\">RENDEZ-VOUS<\/h2>\t\t\t\t<\/div>\n\t\t\t\t<\/div>\n\t\t\t\t<div class=\"elementor-element elementor-element-a0b0248 elementor-widget elementor-widget-text-editor\" data-id=\"a0b0248\" data-element_type=\"widget\" data-e-type=\"widget\" data-widget_type=\"text-editor.default\">\n\t\t\t\t<div class=\"elementor-widget-container\">\n\t\t\t\t\t\t\t\t\t<p>Prenez un rendez-vous avec <strong>nous<\/strong> pour pouvoir discuter <strong>ensemble<\/strong> et pour que je puisse <strong>vous aider<\/strong> au mieux&#8230;.<\/p>\t\t\t\t\t\t\t\t<\/div>\n\t\t\t\t<\/div>\n\t\t\t\t\t<\/div>\n\t\t\t\t<\/div>\n\t\t<div class=\"elementor-element elementor-element-49f7b32 e-grid e-con-full e-con e-parent\" data-id=\"49f7b32\" data-element_type=\"container\" data-e-type=\"container\">\n\t\t\t\t<div class=\"elementor-element elementor-element-79fcf0c elementor-widget elementor-widget-text-editor\" data-id=\"79fcf0c\" data-element_type=\"widget\" data-e-type=\"widget\" data-widget_type=\"text-editor.default\">\n\t\t\t\t<div class=\"elementor-widget-container\">\n\t\t\t\t\t\t\t\t\tPour prendre un <strong>rendez-vous en pr\u00e9sentiel<\/strong>, veuillez<strong> me contacter<\/strong> <strong>directement<\/strong>. Cela nous permettra d&rsquo;avoir d\u00e9j\u00e0 un <strong>premier lien<\/strong>.\n<br><br>\nPour cela, voici les diff\u00e9rentes fa\u00e7on de <strong>me contacter<\/strong>:\n<br><br>\nAdresse Email : <strong>frederic@ethik-et-co.alsace<\/strong>\n<br>\n<a href=\"mailto:frederic@ethik-et-co.alsace\nsubject=HTML link\">Cliquez ici pour nous envoyer un e-mail !<\/a>\n<br><br>\nNum\u00e9ro de t\u00e9l\u00e9phone : <strong>+33 6 08 98 69 92<\/strong>\n<br>\n<a href=\"tel:0608986992\">Cliquez ici pour nous appeler !<\/a>\t\t\t\t\t\t\t\t<\/div>\n\t\t\t\t<\/div>\n\t\t\t\t<div class=\"elementor-element elementor-element-2760f0d elementor-widget elementor-widget-google_maps\" data-id=\"2760f0d\" data-element_type=\"widget\" data-e-type=\"widget\" data-widget_type=\"google_maps.default\">\n\t\t\t\t<div class=\"elementor-widget-container\">\n\t\t\t\t\t\t\t<div class=\"elementor-custom-embed\">\n\t\t\t<iframe loading=\"lazy\"\n\t\t\t\t\tsrc=\"https:\/\/maps.google.com\/maps?q=59%20Grand%20rue%20niedermodern&#038;t=m&#038;z=11&#038;output=embed&#038;iwloc=near\"\n\t\t\t\t\ttitle=\"59 Grand rue niedermodern\"\n\t\t\t\t\taria-label=\"59 Grand rue niedermodern\"\n\t\t\t><\/iframe>\n\t\t<\/div>\n\t\t\t\t\t\t<\/div>\n\t\t\t\t<\/div>\n\t\t\t\t<\/div>\n\t\t\t\t<\/div>\n\t\t","protected":false},"excerpt":{"rendered":"<p>RENDEZ-VOUS Prenez un rendez-vous avec nous pour pouvoir discuter ensemble et pour que je puisse vous aider au mieux&#8230;. Pour prendre un rendez-vous en pr\u00e9sentiel, &hellip;<\/p>\n","protected":false},"author":1,"featured_media":0,"parent":0,"menu_order":0,"comment_status":"closed","ping_status":"closed","template":"","meta":{"footnotes":""},"class_list":["post-492","page","type-page","status-publish","hentry"],"yoast_head":"<!-- This site is optimized with the Yoast SEO plugin v27.5 - https:\/\/yoast.com\/product\/yoast-seo-wordpress\/ -->\n<title>RDV pr\u00e9sentiel - \u00c9thik &amp; Co<\/title>\n<meta name=\"robots\" content=\"index, follow, max-snippet:-1, max-image-preview:large, max-video-preview:-1\" \/>\n<link rel=\"canonical\" href=\"https:\/\/ethik-et-co.alsace\/?page_id=492\" \/>\n<meta property=\"og:locale\" content=\"fr_FR\" \/>\n<meta property=\"og:type\" content=\"article\" \/>\n<meta property=\"og:title\" content=\"RDV pr\u00e9sentiel - \u00c9thik &amp; Co\" \/>\n<meta property=\"og:description\" content=\"RENDEZ-VOUS Prenez un rendez-vous avec nous pour pouvoir discuter ensemble et pour que je puisse vous aider au mieux&#8230;. Pour prendre un rendez-vous en pr\u00e9sentiel, &hellip;\" \/>\n<meta property=\"og:url\" content=\"https:\/\/ethik-et-co.alsace\/?page_id=492\" \/>\n<meta property=\"og:site_name\" content=\"\u00c9thik &amp; Co\" \/>\n<meta property=\"article:modified_time\" content=\"2024-01-02T10:46:46+00:00\" \/>\n<meta name=\"twitter:card\" content=\"summary_large_image\" \/>\n<script type=\"application\/ld+json\" class=\"yoast-schema-graph\">{\"@context\":\"https:\\\/\\\/schema.org\",\"@graph\":[{\"@type\":\"WebPage\",\"@id\":\"https:\\\/\\\/ethik-et-co.alsace\\\/?page_id=492\",\"url\":\"https:\\\/\\\/ethik-et-co.alsace\\\/?page_id=492\",\"name\":\"RDV pr\u00e9sentiel - \u00c9thik &amp; Co\",\"isPartOf\":{\"@id\":\"https:\\\/\\\/ethik-et-co.alsace\\\/#website\"},\"datePublished\":\"2024-01-02T09:51:53+00:00\",\"dateModified\":\"2024-01-02T10:46:46+00:00\",\"breadcrumb\":{\"@id\":\"https:\\\/\\\/ethik-et-co.alsace\\\/?page_id=492#breadcrumb\"},\"inLanguage\":\"fr-FR\",\"potentialAction\":[{\"@type\":\"ReadAction\",\"target\":[\"https:\\\/\\\/ethik-et-co.alsace\\\/?page_id=492\"]}]},{\"@type\":\"BreadcrumbList\",\"@id\":\"https:\\\/\\\/ethik-et-co.alsace\\\/?page_id=492#breadcrumb\",\"itemListElement\":[{\"@type\":\"ListItem\",\"position\":1,\"name\":\"Accueil\",\"item\":\"https:\\\/\\\/ethik-et-co.alsace\\\/\"},{\"@type\":\"ListItem\",\"position\":2,\"name\":\"RDV pr\u00e9sentiel\"}]},{\"@type\":\"WebSite\",\"@id\":\"https:\\\/\\\/ethik-et-co.alsace\\\/#website\",\"url\":\"https:\\\/\\\/ethik-et-co.alsace\\\/\",\"name\":\"\u00c9thik & Co\",\"description\":\"\",\"publisher\":{\"@id\":\"https:\\\/\\\/ethik-et-co.alsace\\\/#\\\/schema\\\/person\\\/b17363363e5c6d5b303bdab9404f9ccc\"},\"alternateName\":\"Fr\u00e9d\u00e9ric WOEHREL\",\"potentialAction\":[{\"@type\":\"SearchAction\",\"target\":{\"@type\":\"EntryPoint\",\"urlTemplate\":\"https:\\\/\\\/ethik-et-co.alsace\\\/?s={search_term_string}\"},\"query-input\":{\"@type\":\"PropertyValueSpecification\",\"valueRequired\":true,\"valueName\":\"search_term_string\"}}],\"inLanguage\":\"fr-FR\"},{\"@type\":[\"Person\",\"Organization\"],\"@id\":\"https:\\\/\\\/ethik-et-co.alsace\\\/#\\\/schema\\\/person\\\/b17363363e5c6d5b303bdab9404f9ccc\",\"name\":\"Fr\u00e9d\u00e9ric WOEHREL\",\"image\":{\"@type\":\"ImageObject\",\"inLanguage\":\"fr-FR\",\"@id\":\"https:\\\/\\\/ethik-et-co.alsace\\\/wp-content\\\/uploads\\\/2023\\\/09\\\/cropped-cropped-EC_new_logo4.png\",\"url\":\"https:\\\/\\\/ethik-et-co.alsace\\\/wp-content\\\/uploads\\\/2023\\\/09\\\/cropped-cropped-EC_new_logo4.png\",\"contentUrl\":\"https:\\\/\\\/ethik-et-co.alsace\\\/wp-content\\\/uploads\\\/2023\\\/09\\\/cropped-cropped-EC_new_logo4.png\",\"width\":245,\"height\":250,\"caption\":\"Fr\u00e9d\u00e9ric WOEHREL\"},\"logo\":{\"@id\":\"https:\\\/\\\/ethik-et-co.alsace\\\/wp-content\\\/uploads\\\/2023\\\/09\\\/cropped-cropped-EC_new_logo4.png\"},\"sameAs\":[\"http:\\\/\\\/ethik-et-co.alsace\"]}]}<\/script>\n<!-- \/ Yoast SEO plugin. -->","yoast_head_json":{"title":"RDV pr\u00e9sentiel - \u00c9thik &amp; Co","robots":{"index":"index","follow":"follow","max-snippet":"max-snippet:-1","max-image-preview":"max-image-preview:large","max-video-preview":"max-video-preview:-1"},"canonical":"https:\/\/ethik-et-co.alsace\/?page_id=492","og_locale":"fr_FR","og_type":"article","og_title":"RDV pr\u00e9sentiel - \u00c9thik &amp; Co","og_description":"RENDEZ-VOUS Prenez un rendez-vous avec nous pour pouvoir discuter ensemble et pour que je puisse vous aider au mieux&#8230;. Pour prendre un rendez-vous en pr\u00e9sentiel, &hellip;","og_url":"https:\/\/ethik-et-co.alsace\/?page_id=492","og_site_name":"\u00c9thik &amp; Co","article_modified_time":"2024-01-02T10:46:46+00:00","twitter_card":"summary_large_image","schema":{"@context":"https:\/\/schema.org","@graph":[{"@type":"WebPage","@id":"https:\/\/ethik-et-co.alsace\/?page_id=492","url":"https:\/\/ethik-et-co.alsace\/?page_id=492","name":"RDV pr\u00e9sentiel - \u00c9thik &amp; Co","isPartOf":{"@id":"https:\/\/ethik-et-co.alsace\/#website"},"datePublished":"2024-01-02T09:51:53+00:00","dateModified":"2024-01-02T10:46:46+00:00","breadcrumb":{"@id":"https:\/\/ethik-et-co.alsace\/?page_id=492#breadcrumb"},"inLanguage":"fr-FR","potentialAction":[{"@type":"ReadAction","target":["https:\/\/ethik-et-co.alsace\/?page_id=492"]}]},{"@type":"BreadcrumbList","@id":"https:\/\/ethik-et-co.alsace\/?page_id=492#breadcrumb","itemListElement":[{"@type":"ListItem","position":1,"name":"Accueil","item":"https:\/\/ethik-et-co.alsace\/"},{"@type":"ListItem","position":2,"name":"RDV pr\u00e9sentiel"}]},{"@type":"WebSite","@id":"https:\/\/ethik-et-co.alsace\/#website","url":"https:\/\/ethik-et-co.alsace\/","name":"\u00c9thik & Co","description":"","publisher":{"@id":"https:\/\/ethik-et-co.alsace\/#\/schema\/person\/b17363363e5c6d5b303bdab9404f9ccc"},"alternateName":"Fr\u00e9d\u00e9ric WOEHREL","potentialAction":[{"@type":"SearchAction","target":{"@type":"EntryPoint","urlTemplate":"https:\/\/ethik-et-co.alsace\/?s={search_term_string}"},"query-input":{"@type":"PropertyValueSpecification","valueRequired":true,"valueName":"search_term_string"}}],"inLanguage":"fr-FR"},{"@type":["Person","Organization"],"@id":"https:\/\/ethik-et-co.alsace\/#\/schema\/person\/b17363363e5c6d5b303bdab9404f9ccc","name":"Fr\u00e9d\u00e9ric WOEHREL","image":{"@type":"ImageObject","inLanguage":"fr-FR","@id":"https:\/\/ethik-et-co.alsace\/wp-content\/uploads\/2023\/09\/cropped-cropped-EC_new_logo4.png","url":"https:\/\/ethik-et-co.alsace\/wp-content\/uploads\/2023\/09\/cropped-cropped-EC_new_logo4.png","contentUrl":"https:\/\/ethik-et-co.alsace\/wp-content\/uploads\/2023\/09\/cropped-cropped-EC_new_logo4.png","width":245,"height":250,"caption":"Fr\u00e9d\u00e9ric WOEHREL"},"logo":{"@id":"https:\/\/ethik-et-co.alsace\/wp-content\/uploads\/2023\/09\/cropped-cropped-EC_new_logo4.png"},"sameAs":["http:\/\/ethik-et-co.alsace"]}]}},"_links":{"self":[{"href":"https:\/\/ethik-et-co.alsace\/index.php?rest_route=\/wp\/v2\/pages\/492","targetHints":{"allow":["GET"]}}],"collection":[{"href":"https:\/\/ethik-et-co.alsace\/index.php?rest_route=\/wp\/v2\/pages"}],"about":[{"href":"https:\/\/ethik-et-co.alsace\/index.php?rest_route=\/wp\/v2\/types\/page"}],"author":[{"embeddable":true,"href":"https:\/\/ethik-et-co.alsace\/index.php?rest_route=\/wp\/v2\/users\/1"}],"replies":[{"embeddable":true,"href":"https:\/\/ethik-et-co.alsace\/index.php?rest_route=%2Fwp%2Fv2%2Fcomments&post=492"}],"version-history":[{"count":7,"href":"https:\/\/ethik-et-co.alsace\/index.php?rest_route=\/wp\/v2\/pages\/492\/revisions"}],"predecessor-version":[{"id":500,"href":"https:\/\/ethik-et-co.alsace\/index.php?rest_route=\/wp\/v2\/pages\/492\/revisions\/500"}],"wp:attachment":[{"href":"https:\/\/ethik-et-co.alsace\/index.php?rest_route=%2Fwp%2Fv2%2Fmedia&parent=492"}],"curies":[{"name":"wp","href":"https:\/\/api.w.org\/{rel}","templated":true}]}}